{"id":142,"date":"2022-01-25T19:03:26","date_gmt":"2022-01-25T18:03:26","guid":{"rendered":"http:\/\/zygnarowski.dkonto.pl\/?page_id=142"},"modified":"2022-02-19T23:02:49","modified_gmt":"2022-02-19T22:02:49","slug":"miasto-przyjazne-rodzinie","status":"publish","type":"page","link":"https:\/\/zygnarowski.dkonto.pl\/index.php\/miasto-przyjazne-rodzinie\/","title":{"rendered":"Miasto przyjazne rodzinie"},"content":{"rendered":"\n<h2 class=\"has-text-align-center has-white-color has-dark-blue-background-color has-text-color has-background has-extra-small-font-size wp-block-heading\" id=\"zostan-w-wabrzeznie\" style=\"font-style:normal;font-weight:500;text-transform:uppercase\"><strong>Zosta\u0144 w w\u0105brze\u017anie<\/strong><\/h2>\n\n\n<p style=\"text-align: justify;\"><em>Stworzymy miejsca i atrakcje, kt\u00f3re spowoduj\u0105, \u017ce mieszka\u0144cy b\u0119d\u0105 sp\u0119dza\u0107 czas wolny w&nbsp;Mie\u015bcie. Przebudowana pla\u017ca, wodny plac zabaw, park linowy oraz wiele innych atrakcyjnych miejsc spowoduj\u0105, \u017ce mieszka\u0144cy nie b\u0119d\u0105 musieli poszukiwa\u0107 atrakcji za mie\u015bcie. Do kalendarza imprez rodzinnych wejd\u0105 takie imprezy jak \u201eWeekend w W\u0105brze\u017anie\u201d, \u201eWakacje w W\u0105brze\u017anie\u201d i inne.<\/em><\/p>\n\n\n<h5 class=\"has-red-color has-text-color wp-block-heading\" id=\"komentarz-burmistrza\">Komentarz Burmistrza:<\/h5>\n\n\n\n<p class=\"has-red-color has-light-gray-background-color has-text-color has-background\">Tutaj komentarz Burmistrza co uda\u0142o si\u0119 do tej pory zrealizowa\u0107. Tutaj komentarz Burmistrza co uda\u0142o si\u0119 do tej pory zrealizowa\u0107. Tutaj komentarz Burmistrza co uda\u0142o si\u0119 do tej pory zrealizowa\u0107. Tutaj komentarz Burmistrza co uda\u0142o si\u0119 do tej pory zrealizowa\u0107. <\/p>\n\n\n\n<h2 class=\"has-text-align-center has-white-color has-dark-blue-background-color has-text-color has-background has-extra-small-font-size wp-block-heading\" id=\"mieszkania-komunalne\" style=\"font-style:normal;font-weight:500\"><strong>MIESZKANIA KOMUNALNE<\/strong><\/h2>\n\n\n<p style=\"text-align: justify;\"><em>Rozpoczniemy program budowy tanich mieszka\u0144 komunalnych na wynajem. W po\u0142\u0105czeniu z&nbsp;zapowiadanym programem rz\u0105dowych dop\u0142at do czynsz\u00f3w mieszkania b\u0119d\u0105 stanowi\u0142y dobr\u0105 alternatyw\u0119 dla rodzin nie posiadaj\u0105cych w\u0142asnego mieszkania.<\/em><\/p>\n<p style=\"text-align: justify;\"><em>Uruchomione zostan\u0105 programy \u201eMieszkanie dla absolwenta\u201d i \u201eMieszkanie dla reemigranta\u201d, kt\u00f3re b\u0119d\u0105 mia\u0142y zach\u0119ci\u0107 absolwent\u00f3w i osoby, kt\u00f3re z W\u0105brze\u017ana wyemigrowa\u0142y do osiedlenia si\u0119 w mie\u015bcie.<\/em><\/p>\n\n\n<h5 class=\"has-red-color has-text-color wp-block-heading\" id=\"komentarz-burmistrza\">Komentarz Burmistrza:<\/h5>\n\n\n\n<p class=\"has-red-color has-light-gray-background-color has-text-color has-background\">Tutaj komentarz Burmistrza co uda\u0142o si\u0119 do tej pory zrealizowa\u0107. Tutaj komentarz Burmistrza co uda\u0142o si\u0119 do tej pory zrealizowa\u0107. Tutaj komentarz Burmistrza co uda\u0142o si\u0119 do tej pory zrealizowa\u0107. Tutaj komentarz Burmistrza co uda\u0142o si\u0119 do tej pory zrealizowa\u0107. <\/p>\n\n\n\n<h2 class=\"has-text-align-center has-white-color has-dark-blue-background-color has-text-color has-background has-extra-small-font-size wp-block-heading\" id=\"udzial-dzieci-w-zyciu-miasta\" style=\"font-style:normal;font-weight:500\"><strong>UDZIA\u0141 DZIECI W \u017bYCIU MIASTA<\/strong><\/h2>\n\n\n<p style=\"text-align: justify;\"><em>B\u0119dziemy anga\u017cowa\u0107 dzieci w \u017cycie i projektowanie miasta. Powstanie Dzieci\u0119cy Bud\u017cet Obywatelski, w ramach kt\u00f3rego dzieci b\u0119d\u0105 mog\u0142y zmienia\u0107 swoje otoczeni i realizowa\u0107 swoje pomys\u0142y.<\/em><\/p>\n\n\n<h5 class=\"has-red-color has-text-color wp-block-heading\" id=\"komentarz-burmistrza\">Komentarz Burmistrza:<\/h5>\n\n\n\n<p class=\"has-red-color has-light-gray-background-color has-text-color has-background\">Tutaj komentarz Burmistrza co uda\u0142o si\u0119 do tej pory zrealizowa\u0107. Tutaj komentarz Burmistrza co uda\u0142o si\u0119 do tej pory zrealizowa\u0107. Tutaj komentarz Burmistrza co uda\u0142o si\u0119 do tej pory zrealizowa\u0107. Tutaj komentarz Burmistrza co uda\u0142o si\u0119 do tej pory zrealizowa\u0107. <\/p>\n\n\n\n<h2 class=\"has-text-align-center has-white-color has-dark-blue-background-color has-text-color has-background has-extra-small-font-size wp-block-heading\" id=\"bezpieczne-i-nowoczesne-place-zabaw\" style=\"font-style:normal;font-weight:500\"><strong>BEZPIECZNE I NOWOCZESNE PLACE ZABAW<\/strong><\/h2>\n\n\n<p style=\"text-align: justify;\"><em>Nowoczesny i bezpieczny plac zabaw powstanie w ka\u017cdej dzielnicy miasta. Jako g\u0142\u00f3wnych u\u017cytkownik\u00f3w w ich projektowanie i aran\u017cowanie w\u0142\u0105czymy dzieci i ich opiekun\u00f3w.<\/em><\/p>\n<p style=\"text-align: justify;\"><em>Jednocze\u015bnie w okre\u015blonych lokalizacjach b\u0119d\u0105 okresowo tworzone mobilne place zabaw.<\/em><\/p>\n<p style=\"text-align: justify;\"><em>B\u0119dziemy zabiega\u0107 o budow\u0119 wodnego placu zabaw oraz parku linowego.<\/em><\/p>\n\n\n<h5 class=\"has-red-color has-text-color wp-block-heading\" id=\"komentarz-burmistrza\">Komentarz Burmistrza:<\/h5>\n\n\n\n<p class=\"has-red-color has-light-gray-background-color has-text-color has-background\">Tutaj komentarz Burmistrza co uda\u0142o si\u0119 do tej pory zrealizowa\u0107. Tutaj komentarz Burmistrza co uda\u0142o si\u0119 do tej pory zrealizowa\u0107. Tutaj komentarz Burmistrza co uda\u0142o si\u0119 do tej pory zrealizowa\u0107. Tutaj komentarz Burmistrza co uda\u0142o si\u0119 do tej pory zrealizowa\u0107. <\/p>\n\n\n\n<h2 class=\"has-text-align-center has-white-color has-dark-blue-background-color has-text-color has-background has-extra-small-font-size wp-block-heading\" id=\"gora-zamkowa-plaza-miejska-parki\" style=\"font-style:normal;font-weight:500\"><strong>G\u00d3RA ZAMKOWA, PLA\u017bA MIEJSKA, PARKI<\/strong><\/h2>\n\n\n<p style=\"text-align: justify;\"><em>G\u00f3ra Zamkowa i pla\u017ca przy Jeziorze Zamkowym stan\u0105 si\u0119 istotnymi miejscami wypoczynku mieszka\u0144c\u00f3w. Powstan\u0105 tu miejsca spotka\u0144 i infrastruktura sprzyjaj\u0105ca wypoczynkowi na \u015bwie\u017cym powietrzu.\u00a0<\/em><\/p>\n<p style=\"text-align: justify;\"><em>Organizowane b\u0119d\u0105 imprezy plenerowe dla ca\u0142ych rodzin, np.: \u015bniadania na trawie, pikniki rodzinne itp.<\/em><\/p>\n<p style=\"text-align: justify;\"><em>W zwi\u0105zku z niedostatkiem infrastruktury wypoczynkowej utworzone i zagospodarowane zostan\u0105 kolejne parki miejskie, np. przy ul. \u017beromskiego, Wolno\u015bci, Mickiewicza oraz pla\u017ca przy Jeziorze Frydek.<\/em><\/p>\n\n\n<h5 class=\"has-red-color has-text-color wp-block-heading\" id=\"komentarz-burmistrza\">Komentarz Burmistrza:<\/h5>\n\n\n\n<p class=\"has-red-color has-light-gray-background-color has-text-color has-background\">Tutaj komentarz Burmistrza co uda\u0142o si\u0119 do tej pory zrealizowa\u0107. Tutaj komentarz Burmistrza co uda\u0142o si\u0119 do tej pory zrealizowa\u0107. Tutaj komentarz Burmistrza co uda\u0142o si\u0119 do tej pory zrealizowa\u0107. Tutaj komentarz Burmistrza co uda\u0142o si\u0119 do tej pory zrealizowa\u0107. <\/p>\n\n\n\n<h2 class=\"has-text-align-center has-white-color has-dark-blue-background-color has-text-color has-background has-extra-small-font-size wp-block-heading\" id=\"gora-zamkowa-plaza-miejska-parki\" style=\"font-style:normal;font-weight:500\"><strong>KOMUNIKACJA PUBLICZNA<\/strong><\/h2>\n\n\n<p style=\"text-align: justify;\"><em>Wprowadzimy tani, wygodny i ekologiczny system komunikacji publicznej oparty na pojazdach elektrycznych u\u0142atwiaj\u0105cy mieszka\u0144com przemieszczanie si\u0119 po Mie\u015bcie. Zostan\u0105 zorganizowane dodatkowe kursy w przypadku organizacji imprez w r\u00f3\u017cnych cz\u0119\u015bciach miasta.<\/em><\/p>\n\n\n<h5 class=\"has-red-color has-text-color wp-block-heading\" id=\"komentarz-burmistrza\">Komentarz Burmistrza:<\/h5>\n\n\n\n<p class=\"has-red-color has-light-gray-background-color has-text-color has-background\">Tutaj komentarz Burmistrza co uda\u0142o si\u0119 do tej pory zrealizowa\u0107. Tutaj komentarz Burmistrza co uda\u0142o si\u0119 do tej pory zrealizowa\u0107. Tutaj komentarz Burmistrza co uda\u0142o si\u0119 do tej pory zrealizowa\u0107. Tutaj komentarz Burmistrza co uda\u0142o si\u0119 do tej pory zrealizowa\u0107. <\/p>\n\n\n\n<h2 class=\"has-text-align-center has-white-color has-dark-blue-background-color has-text-color has-background has-extra-small-font-size wp-block-heading\" id=\"gora-zamkowa-plaza-miejska-parki\" style=\"font-style:normal;font-weight:500\"><strong>ROWER MIEJSKI<\/strong><\/h2>\n\n\n<p style=\"text-align: justify;\"><em>Uruchomimy miejsk\u0105 wypo\u017cyczalni\u0119 rower\u00f3w, kt\u00f3ra pozwoli mieszka\u0144com na wygodne, szybkie, zdrowe i ekologiczne przemieszczanie si\u0119 w mie\u015bcie.<\/em><\/p>\n\n\n<h5 class=\"has-red-color has-text-color wp-block-heading\" id=\"komentarz-burmistrza\">Komentarz Burmistrza:<\/h5>\n\n\n\n<p class=\"has-red-color has-light-gray-background-color has-text-color has-background\">Tutaj komentarz Burmistrza co uda\u0142o si\u0119 do tej pory zrealizowa\u0107. Tutaj komentarz Burmistrza co uda\u0142o si\u0119 do tej pory zrealizowa\u0107. Tutaj komentarz Burmistrza co uda\u0142o si\u0119 do tej pory zrealizowa\u0107. Tutaj komentarz Burmistrza co uda\u0142o si\u0119 do tej pory zrealizowa\u0107. <\/p>\n\n\n\n<h2 class=\"has-text-align-center has-white-color has-dark-blue-background-color has-text-color has-background has-extra-small-font-size wp-block-heading\" id=\"gora-zamkowa-plaza-miejska-parki\" style=\"font-style:normal;font-weight:500\"><strong>MIEJSCA SPOTKA\u0143 DLA CA\u0141YCH RODZIN<\/strong><\/h2>\n\n\n<p style=\"text-align: justify;\"><em>Opr\u00f3cz miejsc spotka\u0144 i ma\u0142ej architektury na terenie Podzamcza i park\u00f3w miejskich powstan\u0105 miejsca spotka\u0144 umo\u017cliwiaj\u0105ce wygodne i komfortowe spotkania \u201epoza domem\u201d w r\u00f3\u017cnych cz\u0119\u015bciach miasta. Obiekty b\u0119d\u0105 dostosowane do potrzeb wszystkich grup wiekowych.<\/em><\/p>\n<p style=\"text-align: justify;\"><em>Ponadto powstan\u0105 pojedyncze miejsca odpoczynkowe przy g\u0142\u00f3wnych ulicach miasta, czy czytelnie plenerowe.<\/em><\/p>\n\n\n<h5 class=\"has-red-color has-text-color wp-block-heading\" id=\"komentarz-burmistrza\">Komentarz Burmistrza:<\/h5>\n\n\n\n<p class=\"has-red-color has-light-gray-background-color has-text-color has-background\">Tutaj komentarz Burmistrza co uda\u0142o si\u0119 do tej pory zrealizowa\u0107. Tutaj komentarz Burmistrza co uda\u0142o si\u0119 do tej pory zrealizowa\u0107. Tutaj komentarz Burmistrza co uda\u0142o si\u0119 do tej pory zrealizowa\u0107. Tutaj komentarz Burmistrza co uda\u0142o si\u0119 do tej pory zrealizowa\u0107. <\/p>\n","protected":false},"excerpt":{"rendered":"<p>Zosta\u0144 w w\u0105brze\u017anie Stworzymy miejsca i atrakcje, kt\u00f3re spowoduj\u0105, \u017ce mieszka\u0144cy b\u0119d\u0105 sp\u0119dza\u0107 czas wolny w&nbsp;Mie\u015bcie. Przebudowana pla\u017ca, wodny plac zabaw, park linowy oraz wiele innych atrakcyjnych miejsc spowoduj\u0105, \u017ce mieszka\u0144cy nie b\u0119d\u0105 musieli poszukiwa\u0107<\/p>\n<p><a href=\"https:\/\/zygnarowski.dkonto.pl\/index.php\/miasto-przyjazne-rodzinie\/\" class=\"more-link\">Czytaj wi\u0119cej<span class=\"screen-reader-text\">Miasto przyjazne rodzinie<\/span><\/a><\/p>\n","protected":false},"author":1,"featured_media":159,"parent":0,"menu_order":0,"comment_status":"closed","ping_status":"closed","template":"","meta":{"footnotes":""},"class_list":["post-142","page","type-page","status-publish","has-post-thumbnail","hentry"],"_links":{"self":[{"href":"https:\/\/zygnarowski.dkonto.pl\/index.php\/wp-json\/wp\/v2\/pages\/142","targetHints":{"allow":["GET"]}}],"collection":[{"href":"https:\/\/zygnarowski.dkonto.pl\/index.php\/wp-json\/wp\/v2\/pages"}],"about":[{"href":"https:\/\/zygnarowski.dkonto.pl\/index.php\/wp-json\/wp\/v2\/types\/page"}],"author":[{"embeddable":true,"href":"https:\/\/zygnarowski.dkonto.pl\/index.php\/wp-json\/wp\/v2\/users\/1"}],"replies":[{"embeddable":true,"href":"https:\/\/zygnarowski.dkonto.pl\/index.php\/wp-json\/wp\/v2\/comments?post=142"}],"version-history":[{"count":87,"href":"https:\/\/zygnarowski.dkonto.pl\/index.php\/wp-json\/wp\/v2\/pages\/142\/revisions"}],"predecessor-version":[{"id":553,"href":"https:\/\/zygnarowski.dkonto.pl\/index.php\/wp-json\/wp\/v2\/pages\/142\/revisions\/553"}],"wp:featuredmedia":[{"embeddable":true,"href":"https:\/\/zygnarowski.dkonto.pl\/index.php\/wp-json\/wp\/v2\/media\/159"}],"wp:attachment":[{"href":"https:\/\/zygnarowski.dkonto.pl\/index.php\/wp-json\/wp\/v2\/media?parent=142"}],"curies":[{"name":"wp","href":"https:\/\/api.w.org\/{rel}","templated":true}]}}